{"id":2524,"date":"2026-08-21T09:52:46","date_gmt":"2026-08-21T09:52:46","guid":{"rendered":"https:\/\/zblleida.com\/web\/?page_id=2524"},"modified":"2026-08-21T11:54:48","modified_gmt":"2026-08-21T11:54:48","slug":"politica-de-privacidad","status":"publish","type":"page","link":"https:\/\/zblleida.com\/web\/politica-de-privacidad\/","title":{"rendered":"politica-de-privacidad"},"content":{"rendered":"\t\t<div data-elementor-type=\"wp-page\" data-elementor-id=\"2524\" class=\"elementor elementor-2524\" data-elementor-post-type=\"page\">\n\t\t\t\t<div class=\"elementor-element elementor-element-8ad7bef e-flex e-con-boxed e-con e-parent\" data-id=\"8ad7bef\" data-element_type=\"container\" data-e-type=\"container\">\n\t\t\t\t\t<div class=\"e-con-inner\">\n\t\t\t\t<div class=\"elementor-element elementor-element-e3365cd elementor-widget elementor-widget-heading\" data-id=\"e3365cd\" data-element_type=\"widget\" data-e-type=\"widget\" data-widget_type=\"heading.default\">\n\t\t\t\t<div class=\"elementor-widget-container\">\n\t\t\t\t\t<h2 class=\"elementor-heading-title elementor-size-default\">Pol\u00edtica de Privacidad<\/h2>\t\t\t\t<\/div>\n\t\t\t\t<\/div>\n\t\t\t\t<div class=\"elementor-element elementor-element-f8891f5 elementor-widget elementor-widget-text-editor\" data-id=\"f8891f5\" data-element_type=\"widget\" data-e-type=\"widget\" data-widget_type=\"text-editor.default\">\n\t\t\t\t<div class=\"elementor-widget-container\">\n\t\t\t\t\t\t\t\t\t<p data-path-to-node=\"1\">Versi\u00f3: 21 d&#8217;agost de 2026<\/p><p data-path-to-node=\"2\">Aquesta pol\u00edtica de privacitat s&#8217;aplica a l&#8217;\u00fas de Zona Blava Inform\u00e0tica (<a class=\"ng-star-inserted\" href=\"https:\/\/zblleida.com\/web\/\" target=\"_blank\" rel=\"noopener\" data-hveid=\"0\" data-ved=\"0CAAQ_4QMahgKEwiMvPavt7GWAxUAAAAAHQAAAAAQsQM\">https:\/\/zblleida.com\/web\/<\/a>). T&#8217;informa sobre quines dades personals tractem, amb quina finalitat i sobre quina base jur\u00eddica, d&#8217;acord amb l&#8217;RGPD (Reglament UE 2016\/679) i la LOPDGDD. Aquesta pol\u00edtica es va actualitzar per \u00faltima vegada en la data indicada al final del document.<\/p><ol start=\"1\" data-path-to-node=\"3\"><li><p data-path-to-node=\"3,0,0\"><b data-path-to-node=\"3,0,0\" data-index-in-node=\"0\">Responsable del tractament i contacte<\/b><\/p><ol start=\"1\" data-path-to-node=\"3,0,1\"><li><p data-path-to-node=\"3,0,1,0,0\">El responsable del tractament als efectes del Reglament General de Protecci\u00f3 de Dades (RGPD) i la Llei Org\u00e0nica 3\/2018 de Protecci\u00f3 de Dades Personals i garantia dels drets digitals (LOPDGDD) \u00e9s Carles David Prim, amb correu electr\u00f2nic de contacte info@zblleida.com, per al lloc web <a class=\"ng-star-inserted\" href=\"https:\/\/zblleida.com\/web\/\" target=\"_blank\" rel=\"noopener\" data-hveid=\"0\" data-ved=\"0CAAQ_4QMahgKEwiMvPavt7GWAxUAAAAAHQAAAAAQsgM\">https:\/\/zblleida.com\/web\/<\/a>.<\/p><\/li><li><p data-path-to-node=\"3,0,1,1,0\">Si tens qualsevol dubte sobre aquesta pol\u00edtica de privacitat o sobre el tractament de les teves dades, pots dirigir-te en qualsevol moment a l&#8217;adre\u00e7a de contacte indicada.<\/p><\/li><\/ol><\/li><li><p data-path-to-node=\"3,1,0\"><b data-path-to-node=\"3,1,0\" data-index-in-node=\"0\">Principis generals del tractament<\/b><\/p><ol start=\"1\" data-path-to-node=\"3,1,1\"><li><p data-path-to-node=\"3,1,1,0,0\">Tractem les dades personals dels nostres usuaris \u00fanicament en la mesura que sigui necessari per a oferir un lloc web funcional, aix\u00ed com els nostres continguts i serveis.<\/p><\/li><li><p data-path-to-node=\"3,1,1,1,0\">El tractament de dades personals dels nostres usuaris es realitza, amb car\u00e0cter general, \u00fanicament previ consentiment de l&#8217;usuari o sobre una altra base jur\u00eddica legalment admesa d&#8217;acord amb l&#8217;article 6 de l&#8217;RGPD.<\/p><\/li><\/ol><\/li><li><p data-path-to-node=\"3,2,0\"><b data-path-to-node=\"3,2,0\" data-index-in-node=\"0\">Allotjament (hosting)<\/b><\/p><ol start=\"1\" data-path-to-node=\"3,2,1\"><li><p data-path-to-node=\"3,2,1,0,0\">Aquest lloc web est\u00e0 allotjat als servidors d&#8217;IONOS. Les dades personals recollides en aquest lloc s&#8217;emmagatzemen als servidors d&#8217;aquest prove\u00efdor.<\/p><\/li><li><p data-path-to-node=\"3,2,1,1,0\">Amb el prove\u00efdor de hosting existeix un contracte d&#8217;encarregat del tractament d&#8217;acord amb l&#8217;article 28 de l&#8217;RGPD.<\/p><\/li><\/ol><\/li><li><p data-path-to-node=\"3,3,0\"><b data-path-to-node=\"3,3,0\" data-index-in-node=\"0\">Fitxers de registre del servidor<\/b><\/p><ol start=\"1\" data-path-to-node=\"3,3,1\"><li><p data-path-to-node=\"3,3,1,0,0\">El prove\u00efdor de <a class=\"ng-star-inserted\" href=\"https:\/\/zblleida.com\/web\/\" target=\"_blank\" rel=\"noopener\" data-hveid=\"0\" data-ved=\"0CAAQ_4QMahgKEwiMvPavt7GWAxUAAAAAHQAAAAAQswM\">https:\/\/zblleida.com\/web\/<\/a> recull i emmagatzema autom\u00e0ticament informaci\u00f3 en els anomenats fitxers de registre del servidor, que el teu navegador ens transmet autom\u00e0ticament.<\/p><\/li><li><p data-path-to-node=\"3,3,1,1,0\">Aquests s\u00f3n: tipus de navegador, sistema operatiu utilitzat, URL de refer\u00e8ncia, nom de l&#8217;amfitri\u00f3 de l&#8217;equip d&#8217;acc\u00e9s, hora de la sol\u00b7licitud al servidor i adre\u00e7a IP. No es realitza una combinaci\u00f3 d&#8217;aquestes dades amb altres fonts de dades.<\/p><\/li><\/ol><\/li><li><p data-path-to-node=\"3,4,0\"><b data-path-to-node=\"3,4,0\" data-index-in-node=\"0\">Formulari de contacte<\/b><\/p><ol start=\"1\" data-path-to-node=\"3,4,1\"><li><p data-path-to-node=\"3,4,1,0,0\">Si ens envies consultes a trav\u00e9s del formulari de contacte, les teves dades, incloses les dades de contacte que facilitis en aquest formulari, s&#8217;emmagatzemen per a gestionar la teva consulta.<\/p><\/li><li><p data-path-to-node=\"3,4,1,1,0\">La base jur\u00eddica \u00e9s l&#8217;article 6.1.b de l&#8217;RGPD, si la sol\u00b7licitud t\u00e9 per objecte la preparaci\u00f3 d&#8217;un contracte, o en cas contrari el nostre inter\u00e8s leg\u00edtim a respondre a les consultes rebudes (article 6.1.f de l&#8217;RGPD).<\/p><\/li><\/ol><\/li><li><p data-path-to-node=\"3,5,0\"><b data-path-to-node=\"3,5,0\" data-index-in-node=\"0\">Galetes (cookies) i tecnologies de seguiment<\/b><\/p><ol start=\"1\" data-path-to-node=\"3,5,1\"><li><p data-path-to-node=\"3,5,1,0,0\">El nostre lloc web utilitza galetes. Les galetes t\u00e8cnicament necess\u00e0ries s&#8217;instal\u00b7len sense necessitat de consentiment previ, d&#8217;acord amb l&#8217;article 22 de la LSSI-CE.<\/p><\/li><li><p data-path-to-node=\"3,5,1,1,0\">Per a la resta de galetes, per exemple amb finalitats d&#8217;an\u00e0lisi o m\u00e0rqueting, sol\u00b7licitem pr\u00e8viament el teu consentiment mitjan\u00e7ant un b\u00e0ner de cookies d&#8217;acord amb l&#8217;article 6.1.a de l&#8217;RGPD. Pots modificar la teva elecci\u00f3 en qualsevol moment des de la configuraci\u00f3 de les galetes.<\/p><\/li><\/ol><\/li><li><p data-path-to-node=\"3,6,0\"><b data-path-to-node=\"3,6,0\" data-index-in-node=\"0\">Drets de les persones interessades<\/b><\/p><ol start=\"1\" data-path-to-node=\"3,6,1\"><li><p data-path-to-node=\"3,6,1,0,0\">Dins del marc de la normativa vigent, tens dret en tot moment a obtenir informaci\u00f3 gratu\u00efta sobre les teves dades personals emmagatzemades, el seu origen, els seus destinataris i la finalitat del tractament.<\/p><\/li><li><p data-path-to-node=\"3,6,1,1,0\">A m\u00e9s, tens dret a la rectificaci\u00f3, supressi\u00f3, limitaci\u00f3 del tractament i portabilitat d&#8217;aquestes dades, aix\u00ed com el dret d&#8217;oposici\u00f3 al tractament.<\/p><\/li><\/ol><\/li><li><p data-path-to-node=\"3,7,0\"><b data-path-to-node=\"3,7,0\" data-index-in-node=\"0\">Dret de reclamaci\u00f3 davant l&#8217;autoritat de control<\/b><\/p><ol start=\"1\" data-path-to-node=\"3,7,1\"><li><p data-path-to-node=\"3,7,1,0,0\">En cas d&#8217;infracci\u00f3 de l&#8217;RGPD, tens dret com a interessat a presentar una reclamaci\u00f3 davant d&#8217;una autoritat de control, en particular a l&#8217;Estat membre de la teva resid\u00e8ncia habitual, el teu lloc de treball o el lloc de la suposada infracci\u00f3.<\/p><\/li><li><p data-path-to-node=\"3,7,1,1,0\">A Espanya, l&#8217;autoritat de control competent \u00e9s l&#8217;Ag\u00e8ncia Espanyola de Protecci\u00f3 de Dades (AEPD), amb seu a Madrid.<\/p><\/li><\/ol><\/li><li><p data-path-to-node=\"3,8,0\"><b data-path-to-node=\"3,8,0\" data-index-in-node=\"0\">Conservaci\u00f3 de les dades<\/b><\/p><ol start=\"1\" data-path-to-node=\"3,8,1\"><li><p data-path-to-node=\"3,8,1,0,0\">Conservem les teves dades personals \u00fanicament durant el temps necessari per a complir la finalitat per a la qual van ser recollides, tret que existeixi una obligaci\u00f3 legal de conservaci\u00f3 m\u00e9s prolongada.<\/p><\/li><li><p data-path-to-node=\"3,8,1,1,0\">Transcorreguts aquests terminis, les teves dades se suprimeixen o s&#8217;anonimitzen de forma segura.<\/p><\/li><\/ol><\/li><li><p data-path-to-node=\"3,9,0\"><b data-path-to-node=\"3,9,0\" data-index-in-node=\"0\">Canvis en aquesta pol\u00edtica de privacitat<\/b><\/p><ol start=\"1\" data-path-to-node=\"3,9,1\"><li><p data-path-to-node=\"3,9,1,0,0\">Ens reservem el dret a adaptar aquesta pol\u00edtica de privacitat perqu\u00e8 compleixi sempre amb els requisits legals vigents o per a reflectir canvis en els nostres serveis.<\/p><\/li><li><p data-path-to-node=\"3,9,1,1,0\">En la teva propera visita a <a class=\"ng-star-inserted\" href=\"https:\/\/zblleida.com\/web\/\" target=\"_blank\" rel=\"noopener\" data-hveid=\"0\" data-ved=\"0CAAQ_4QMahgKEwiMvPavt7GWAxUAAAAAHQAAAAAQtAM\">https:\/\/zblleida.com\/web\/<\/a> s&#8217;aplicar\u00e0 la nova pol\u00edtica de privacitat. La data de l&#8217;\u00faltima actualitzaci\u00f3 apareix al final d&#8217;aquesta p\u00e0gina.<\/p><\/li><\/ol><\/li><\/ol><p data-path-to-node=\"5\">Tens dubtes sobre aquesta pol\u00edtica de privacitat? Escriu-nos a info@zblleida.com. Aquest text \u00e9s una plantilla orientativa i no constitueix assessorament jur\u00eddic; adapta-la sempre al teu tractament real de dades.<\/p>\t\t\t\t\t\t\t\t<\/div>\n\t\t\t\t<\/div>\n\t\t\t\t\t<\/div>\n\t\t\t\t<\/div>\n\t\t\t\t<\/div>\n\t\t","protected":false},"excerpt":{"rendered":"<p>Pol\u00edtica de Privacidad Versi\u00f3: 21 d&#8217;agost de 2026 Aquesta pol\u00edtica de privacitat s&#8217;aplica a l&#8217;\u00fas de Zona Blava Inform\u00e0tica (https:\/\/zblleida.com\/web\/). T&#8217;informa sobre quines dades personals tractem, amb quina finalitat i sobre quina base jur\u00eddica, d&#8217;acord amb l&#8217;RGPD (Reglament UE 2016\/679) i la LOPDGDD. Aquesta pol\u00edtica es va actualitzar per \u00faltima vegada en la data indicada [&hellip;]<\/p>\n","protected":false},"author":1,"featured_media":0,"parent":0,"menu_order":0,"comment_status":"closed","ping_status":"closed","template":"","meta":{"footnotes":""},"class_list":["post-2524","page","type-page","status-publish","hentry"],"_links":{"self":[{"href":"https:\/\/zblleida.com\/web\/wp-json\/wp\/v2\/pages\/2524","targetHints":{"allow":["GET"]}}],"collection":[{"href":"https:\/\/zblleida.com\/web\/wp-json\/wp\/v2\/pages"}],"about":[{"href":"https:\/\/zblleida.com\/web\/wp-json\/wp\/v2\/types\/page"}],"author":[{"embeddable":true,"href":"https:\/\/zblleida.com\/web\/wp-json\/wp\/v2\/users\/1"}],"replies":[{"embeddable":true,"href":"https:\/\/zblleida.com\/web\/wp-json\/wp\/v2\/comments?post=2524"}],"version-history":[{"count":10,"href":"https:\/\/zblleida.com\/web\/wp-json\/wp\/v2\/pages\/2524\/revisions"}],"predecessor-version":[{"id":2549,"href":"https:\/\/zblleida.com\/web\/wp-json\/wp\/v2\/pages\/2524\/revisions\/2549"}],"wp:attachment":[{"href":"https:\/\/zblleida.com\/web\/wp-json\/wp\/v2\/media?parent=2524"}],"curies":[{"name":"wp","href":"https:\/\/api.w.org\/{rel}","templated":true}]}}